{"version":"1.0","provider_name":"Pferdegesundheit Online - Pferdeklinik Equitales GmbH","provider_url":"https:\/\/kaikreling.de","author_name":"Dr. Kai Kreling","author_url":"https:\/\/kaikreling.de\/author\/ar\/","title":"SoleMobil","html":"<p>[vc_row css=\".vc_custom_1652349302355{padding-top: 0px !important;padding-right: 0px !important;padding-bottom: 0px !important;padding-left: 0px !important;}\"][vc_column css=\".vc_custom_1652349316319{padding-top: 0px !important;padding-right: 0px !important;padding-bottom: 0px !important;padding-left: 0px !important;}\"][vc_column_text]<\/p>\n<h1 style=\"text-align: center;\"><span style=\"color: #00abaf;\">SoleMobil<br \/>\nInhalation f\u00fcr Pferde<\/span><\/h1>\n<h2 style=\"text-align: center;\">OHNE MASKE<\/h2>\n<p>[\/vc_column_text][\/vc_column][\/vc_row][vc_row css=\".vc_custom_1652349879774{margin-top: 0px !important;margin-right: 0px !important;margin-bottom: 0px !important;margin-left: 0px !important;padding-top: 0px !important;padding-right: 0px !important;padding-bottom: 0px !important;padding-left: 0px !important;}\" max_width_custom=\"1280\" max_width_align=\"center\"][vc_column css=\".vc_custom_1652350049149{padding-top: 0px !important;padding-right: 0px !important;padding-bottom: 0px !important;padding-left: 0px !important;}\"][vc_single_image image=\"15751\" img_size=\"1024x537\" alignment=\"center\"][\/vc_column][\/vc_row][vc_row equal_height=\"yes\" tablet_fullwidth_cols=\"yes\"][vc_column width=\"1\/3\" css=\".vc_custom_1651842103561{margin-top: 5% !important;margin-right: 5% !important;margin-bottom: 5% !important;margin-left: 5% !important;background-color: #efefef !important;}\"][vc_column_text css=\".vc_custom_1652086582732{padding-top: 3% !important;padding-right: 3% !important;padding-bottom: 3% !important;padding-left: 3% !important;}\"]<\/p>\n<h2>Was ist die Sole-Therapie f\u00fcr Pferde?<\/h2>\n<p>Das Pferd inhaliert in einem geschlossenen Pferdeanh\u00e4nger <span style=\"font-size: 16px;\"><strong>mit Sole angereicherte Luft<\/strong><\/span>. dabei muss Ihr Pferd<strong><span style=\"font-size: 16px;\"> KEINE MASKE<\/span><\/strong> tragen.<\/p>\n<p>In den Atemwegen werden <span style=\"font-size: 16px;\"><strong>Verschleimungen gel\u00f6st<\/strong> <\/span>und die <span style=\"font-size: 16px;\"><strong>Sauerstoffaufnahme<\/strong> <\/span>wird <span style=\"font-size: 16px;\"><strong>verbessert<\/strong><\/span>.<\/p>\n<p>Idealerweise erfolgt die Inhalationstherapie<span style=\"font-size: 16px;\"><strong> 1-2 mal<\/strong><\/span><span style=\"font-size: 16px;\"><strong>\u00a0pro Tag<\/strong><\/span> f\u00fcr jeweils <span style=\"font-size: 16px;\"><strong>ca. 30 Minuten<\/strong><\/span>. Im Anschluss an die Therapie-Einheit ist es sinnvoll, das Pferd zu <span style=\"font-size: 16px;\"><strong>bewegen<\/strong><\/span>, damit der gel\u00f6ste Schleim gut aus den Atemwegen abtransportiert werden kann.[\/vc_column_text][\/vc_column][vc_column width=\"1\/3\" css=\".vc_custom_1651830983613{margin-top: 5% !important;margin-right: 5% !important;margin-bottom: 5% !important;margin-left: 5% !important;background-color: #efefef !important;}\"][vc_column_text css=\".vc_custom_1652086691182{padding-top: 3% !important;padding-right: 3% !important;padding-bottom: 3% !important;padding-left: 3% !important;}\"]<\/p>\n<h2>Wie funktioniert das SoleMobil?<\/h2>\n<p>Durch <span style=\"font-size: 16px;\"><strong>Ultraschallvernebelung<\/strong><\/span> von Sole (Salz-L\u00f6sung) werden <span style=\"font-size: 16px;\"><strong>mikrofeine Tr\u00f6pfchen<\/strong><\/span> erzeugt und mit Luft vermischt als <span style=\"font-size: 16px;\"><strong>Aerosol<\/strong> <\/span>in den geschlossenen Pferdeanh\u00e4nger geleitet.<\/p>\n<p>Ein <span style=\"font-size: 16px;\"><strong>weiterer Vernebler<\/strong> <\/span>erg\u00e4nzt den Inhalationsdampf mit <span style=\"font-size: 16px;\"><strong>ionisiertem Sauerstoff<\/strong><\/span>, der den <strong><span style=\"font-size: 16px;\">Effekt<\/span> <\/strong>der Sole-Therapie <span style=\"font-size: 16px;\"><strong>verst\u00e4rkt<\/strong><\/span>.<\/p>\n<p><span style=\"font-size: 16px;\"><strong>Erg\u00e4nzende Medikamente<\/strong> <\/span>zur Inhalationstherapie k\u00f6nnen jederzeit <span style=\"font-size: 16px;\"><strong>einfach<\/strong> <strong>beigemischt<\/strong> <\/span>werden.[\/vc_column_text][\/vc_column][vc_column width=\"1\/3\" css=\".vc_custom_1651831010028{margin-top: 5% !important;margin-right: 5% !important;margin-bottom: 5% !important;margin-left: 5% !important;background-color: #efefef !important;}\"][vc_column_text css=\".vc_custom_1652086835862{padding-top: 3% !important;padding-right: 3% !important;padding-bottom: 3% !important;padding-left: 3% !important;}\"]<\/p>\n<h2>Wann ist die Inhalation mit Sole f\u00fcr Pferde sinnvoll?<\/h2>\n<ul>\n<li>Behandlung von Pferden mit <span style=\"font-size: 16px;\"><strong>akuten Atemwegserkrankungen<\/strong><\/span> und <span style=\"font-size: 16px;\"><strong>Allergien<\/strong><\/span><\/li>\n<li>Begleittherapie bei <span style=\"font-size: 16px;\"><strong>chronischen\u00a0Atemwegserkrankungen<\/strong><\/span><\/li>\n<li>Steigerung der <span style=\"font-size: 16px;\"><strong>Leistungsf\u00e4higkeit <\/strong><span style=\"font-size: 13px;\">bei <\/span><strong>Sportpferden mit hoher Beanspruchung<\/strong><\/span><\/li>\n<li><span style=\"font-size: 16px;\"><span style=\"font-size: 13px;\">Zur <\/span><strong>Regeneration<\/strong> <\/span>und Verbesserung des <span style=\"font-size: 16px;\"><strong>Allgemeinbefindens<\/strong><\/span><\/li>\n<\/ul>\n<p>[\/vc_column_text][\/vc_column][\/vc_row][vc_row equal_height=\"yes\" tablet_fullwidth_cols=\"yes\" css=\".vc_custom_1651831388371{margin-top: 0px !important;margin-right: 0px !important;margin-bottom: 0px !important;margin-left: 0px !important;}\"][vc_column][vc_column_text]<\/p>\n<h2 style=\"text-align: center;\">Die Inhalation im Anh\u00e4nger erfolgt OHNE ATEM-MASKE.<\/h2>\n<h2 style=\"text-align: center;\">Das Pferd kann entspannt im Anh\u00e4nger stehen.<\/h2>\n<p>[\/vc_column_text][\/vc_column][\/vc_row][vc_row css=\".vc_custom_1651842336398{margin-top: 0px !important;margin-bottom: 0px !important;padding-top: 0px !important;padding-bottom: 0px !important;}\"][vc_column css=\".vc_custom_1651842311876{margin-top: 0px !important;margin-bottom: 0px !important;padding-top: 0px !important;padding-bottom: 0px !important;background-color: #00abaf !important;}\"][vc_column_text css=\".vc_custom_1651842436516{border-top-width: 0px !important;border-bottom-width: 0px !important;padding-top: 3px !important;padding-bottom: 25px !important;}\"]<\/p>\n<h2 style=\"text-align: center;\"><span style=\"color: #ffffff;\">SoleMobil - Termin anfragen<\/span><\/h2>\n<p>[\/vc_column_text][\/vc_column][\/vc_row][vc_row css=\".vc_custom_1651841791190{margin-top: 0px !important;margin-bottom: 0px !important;}\"][vc_column width=\"1\/2\" css=\".vc_custom_1651841738324{margin-top: 0px !important;margin-right: 5% !important;margin-bottom: 0px !important;margin-left: 5% !important;}\"][vc_column_text css=\".vc_custom_1651843529838{margin-top: 5% !important;margin-right: 5% !important;margin-bottom: 5% !important;margin-left: 5% !important;}\"]Die Mietpreise richten sich nach der <strong>Anzahl der Pferde<\/strong> und der <strong>Mietdauer<\/strong>. Preisdetails finden Sie hier:<\/p>\n<p style=\"text-align: left;\"><span style=\"font-size: 16px;\"> <a class=\"color-button teal\" href=\"https:\/\/kaikreling.de\/preise-solemobil\/\">Mietpreise des SoleMobils<\/a><\/span><\/p>\n<p>[\/vc_column_text][\/vc_column][vc_column width=\"1\/2\" css=\".vc_custom_1651841762175{margin-top: 0px !important;margin-right: 5% !important;margin-bottom: 0px !important;margin-left: 5% !important;}\"][vc_column_text css=\".vc_custom_1643102264215{margin-top: 5% !important;margin-right: 5% !important;margin-bottom: 5% !important;margin-left: 5% !important;}\"]Gem\u00e4\u00df der <strong>Datenschutz-Grundverordnung [DSGVO]<\/strong> m\u00f6chten wir zun\u00e4chst \u00fcber unsere Datenschutzerkl\u00e4rung informieren:<\/p>\n<p style=\"text-align: left;\"><span style=\"font-size: 16px;\"> <a class=\"color-button teal\" href=\"https:\/\/kaikreling.de\/datenschutz\/\">Datenschutz<\/a><\/span><\/p>\n<p>[\/vc_column_text][\/vc_column][\/vc_row][vc_row css=\".vc_custom_1651841802939{margin-top: 1px !important;margin-bottom: 1px !important;}\"][vc_column][vc_column_text css=\".vc_custom_1651840051026{margin-top: 5% !important;margin-right: 5% !important;margin-bottom: 5% !important;margin-left: 5% !important;}\"][contact-form-7 id=\"15689\" title=\"Anfrage SoleMobil\"][\/vc_column_text][\/vc_column][\/vc_row]<\/p>\n","type":"rich","thumbnail_url":"https:\/\/kaikreling.de\/wp-content\/uploads\/2022\/05\/SoleMobil-Kai-Kreling-Pferdegesundheit-Rhein-Main-150x150.jpg","thumbnail_width":150,"thumbnail_height":150}